{"id":2048,"date":"2024-10-21T11:08:33","date_gmt":"2024-10-21T09:08:33","guid":{"rendered":"https:\/\/www.andaluciaagrotech.com\/?post_type=radar&#038;p=2048"},"modified":"2024-10-21T11:09:28","modified_gmt":"2024-10-21T09:09:28","slug":"fernandez-pacheco-invita-al-sector-agroalimentario-a-sumarse-a-andalucia-agrotech-edih","status":"publish","type":"radar","link":"https:\/\/www.andaluciaagrotech.com\/en\/radar\/fernandez-pacheco-invita-al-sector-agroalimentario-a-sumarse-a-andalucia-agrotech-edih\/","title":{"rendered":"Fern\u00e1ndez-Pacheco invita al sector agroalimentario a sumarse a Andaluc\u00eda Agrotech EDIH"},"content":{"rendered":"<p>El consejero de Agricultura, Pesca, Agua y Desarrollo Rural, Ram\u00f3n Fern\u00e1ndez-Pacheco, ha presentado en el Parlamento Auton\u00f3mico &#8220;Andaluc\u00eda Agrotech European Digital Innovation HUB&#8221; (EDIH), un proyecto al que ha calificado como estrella dentro de la Consejer\u00eda, ya que posiciona a Andaluc\u00eda como referente a nivel europeo en la innovaci\u00f3n digital aplicada al campo.<\/p>\n<p>Durante su intervenci\u00f3n en la Comisi\u00f3n de Agricultura, el consejero invit\u00f3 a los emprendedores y empresarios del sector a acercarse a esta iniciativa p\u00fablico-privada que hasta el momento ha permitido la creaci\u00f3n de &#8220;un ecosistema \u00fanico&#8221; en el que m\u00e1s de 250 empresas, centros de conocimiento y emprendedores, -entre otros agentes-, trabajan para desarrollar soluciones tecnol\u00f3gicas digitales adaptadas que suponen una mejora en la productividad, sostenibilidad y competitividad del sector agroalimentario.<\/p>\n<p>Fern\u00e1ndez-Pacheco ha destacado a su vez que EDIH \u201cfacilita a las pymes andaluzas unos servicios a coste cero para ellas en una materia fundamental como es su digitalizaci\u00f3n\u201d. \u201cLa tecnolog\u00eda copa todas las \u00e1reas de nuestra vida y el sector del agro no puede quedarse fuera\u201d, ha resaltado.<\/p>\n<p>El consejero ha valorado en su intervenci\u00f3n parlamentaria \u201cel impacto de las acciones entre las Pymes del sector agroalimentario andaluz, que fue un 143% superior a las previsiones\u201d durante la primera etapa del proyecto. Asimismo, ha incidido en que EDIH busca acercar soluciones tecnol\u00f3gicas y toda la innovaci\u00f3n al sector, a la par que acompa\u00f1ar a empresas y productores en este proceso de adaptaci\u00f3n a las nuevas tecnolog\u00edas \u201cpara que nadie se quede atr\u00e1s\u201d.<\/p>\n<p>&nbsp;<\/p>\n<h3><strong>M\u00e1ximo sello de calidad europeo<\/strong><\/h3>\n<p>Fern\u00e1ndez-Pacheco ha recordado que el proyecto ha logrado \u201cel m\u00e1ximo sello de calidad europeo para un ecosistema de innovaci\u00f3n\u201d, en referencia al reconocimiento alcanzado como primer \u2018European Digital Innovation Hub\u2019 de la comunidad por parte de la Comisi\u00f3n Europea.<\/p>\n<p>Seg\u00fan ha precisado, Andaluc\u00eda ahora \u201cforma parte de un \u201cselecto hub continental, del m\u00e1ximo nivel tecnol\u00f3gico europeo, que nos ha permitido contar con los mecanismos de cooperaci\u00f3n de esta nueva red de excelencia conformada por emprendedores tecnol\u00f3gicos para las pymes andaluzas y su transformaci\u00f3n digital\u201d.<\/p>\n<p>&nbsp;<\/p>\n<h3><strong>Compromiso con j\u00f3venes en el \u00e1mbito agroalimentario<\/strong><\/h3>\n<p>Por otra parte, el titular andaluz de Agricultura ha expresado el \u201ccompromiso\u201d de \u2018Andaluc\u00eda Agrotech\u2019 \u201ccon el futuro de los j\u00f3venes y de las mujeres en el \u00e1mbito agroalimentario andaluz\u201d. En esta l\u00ednea, se ha referido a la colaboraci\u00f3n y promoci\u00f3n de acciones con J\u00f3venes Cooperativistas, Mujeres Cooperativistas y con institutos de Formaci\u00f3n Profesional para fomentar el emprendimiento y la innovaci\u00f3n.<\/p>\n<p>El consejero ha detallado los servicios que ofrece EDIH, entre los que destacan el impulso al asesoramiento a empresas para evaluar la viabilidad de las diferentes soluciones tecnol\u00f3gicas; el fomento de la colaboraci\u00f3n entre empresas, startups y otros actores del ecosistema de innovaci\u00f3n digital; y la concentraci\u00f3n de servicios de formaci\u00f3n para la capacitaci\u00f3n en el sector de las tecnolog\u00edas digitales.<\/p>\n<p>Sobre este \u00faltimo punto, Fern\u00e1ndez-Pacheco ha informado de que EDIH ha llevado a cabo 29 actuaciones de formaci\u00f3n mediante talleres pr\u00e1cticos y cursos de corta y media duraci\u00f3n, tanto en formato presencial como en l\u00ednea. El cuarto bloque de servicios se centra en el apoyo al sector para la b\u00fasqueda de financiaci\u00f3n destinada a sus proyectos de innovaci\u00f3n.<\/p>\n<p>Adem\u00e1s, habl\u00f3 de otras iniciativas como Agrotech Radar, portal de vigilancia tecnol\u00f3gico; y Agrotech Forum, eventos de sensibilizaci\u00f3n.<\/p>\n<p>Desde 2021, &#8220;Andaluc\u00eda Agrotech Digital Innovaci\u00f3n Hub&#8221; dispone de una sede f\u00edsica ubicada en el Centro Avanzado de Iniciativa Empresarial y Servicios Avanzados de C\u00f3rdoba (Tecnoc\u00f3rdoba).<\/p>\n","protected":false},"excerpt":{"rendered":"<p>Ram\u00f3n Fern\u00e1ndez-Pacheco, ha presentado en el Parlamento Auton\u00f3mico &#8216;Andaluc\u00eda Agrotech European Digital Innovation HUB\u2019 (EDIH), un proyecto al que ha calificado como estrella dentro de la Consejer\u00eda, ya que posiciona a Andaluc\u00eda como referente a nivel europeo en la innovaci\u00f3n digital aplicada al campo.<\/p>\n","protected":false},"author":11,"featured_media":2049,"template":"","taxonomy\/categoria-radar":[35],"_links":{"self":[{"href":"https:\/\/www.andaluciaagrotech.com\/en\/wp-json\/wp\/v2\/post-type\/radar\/2048"}],"collection":[{"href":"https:\/\/www.andaluciaagrotech.com\/en\/wp-json\/wp\/v2\/post-type\/radar"}],"about":[{"href":"https:\/\/www.andaluciaagrotech.com\/en\/wp-json\/wp\/v2\/types\/radar"}],"author":[{"embeddable":true,"href":"https:\/\/www.andaluciaagrotech.com\/en\/wp-json\/wp\/v2\/users\/11"}],"wp:featuredmedia":[{"embeddable":true,"href":"https:\/\/www.andaluciaagrotech.com\/en\/wp-json\/wp\/v2\/media\/2049"}],"wp:attachment":[{"href":"https:\/\/www.andaluciaagrotech.com\/en\/wp-json\/wp\/v2\/media?parent=2048"}],"wp:term":[{"taxonomy":"categoria-radar","embeddable":true,"href":"https:\/\/www.andaluciaagrotech.com\/en\/wp-json\/wp\/v2\/taxonomy\/categoria-radar?post=2048"}],"curies":[{"name":"wp","href":"https:\/\/api.w.org\/{rel}","templated":true}]}}