{"id":1783,"date":"2024-07-19T14:33:15","date_gmt":"2024-07-19T12:33:15","guid":{"rendered":"https:\/\/www.andaluciaagrotech.com\/?post_type=radar&#038;p=1744"},"modified":"2024-08-12T11:11:28","modified_gmt":"2024-08-12T09:11:28","slug":"gran-acogida-al-webinar-de-espacios-de-datos-y-sus-aplicaciones-en-el-sector-agroalimentario","status":"publish","type":"radar","link":"https:\/\/www.andaluciaagrotech.com\/en\/radar\/gran-acogida-al-webinar-de-espacios-de-datos-y-sus-aplicaciones-en-el-sector-agroalimentario\/","title":{"rendered":"Gran acogida de la sesi\u00f3n de Espacios de datos y sus aplicaciones en el sector agroalimentario"},"content":{"rendered":"<p>M\u00e1s de 90 personas se conectaron a la sesi\u00f3n online sobre Espacios de datos y sus aplicaciones en el sector agroalimentario <strong>organizada de forma conjunta por Andaluc\u00eda Agrotech EDIH e INNDIH- Valencia Regi\u00f3n EDIH<\/strong>\u00a0el pasado 18 de julio. El perfil de los asistentes del ecosistema andaluz fue muy variado y la tem\u00e1tica gener\u00f3 un gran n\u00famero de comentarios.<\/p>\n<p>Esta sesi\u00f3n de divulgaci\u00f3n se enmarca en las<strong>\u00a0acciones de la Red Europea de Centros de Innovaci\u00f3n Digital<\/strong>, para abordar los espacios de datos y sus aplicaciones en la cadena de valor agroalimentaria. El objetivo era<strong>\u00a0sensibilizar a agricultores, ganaderos, as\u00ed como a empresas y entidades ligadas a la cadena de valor agroalimentaria sobre el potencial de los espacios de datos,<\/strong>\u00a0para mejorar su competitividad y sostenibilidad. Debido a la importancia de los datos para avanzar en la digitalizaci\u00f3n del sector agroalimentario y considerando la transici\u00f3n digital un elemento clave para el desarrollo econ\u00f3mico y la autonom\u00eda estrat\u00e9gica de la UE.<\/p>\n<p>En la bienvenida, el Jefe de Servicio de Innovaci\u00f3n y Digitalizaci\u00f3n Agroalimentaria de la Consejer\u00eda de Agricultura, Pesca, Agua y Desarrollo Rural,\u00a0<strong>Manuel Teva Fern\u00e1ndez<\/strong>, y el Director \u00c1rea Inteligencia Competitiva y Alianzas del Instituto Tecnol\u00f3gico de Inform\u00e1tica de Valencia,\u00a0<strong>\u00d3scar Valle Ballesteros<\/strong>, pusieron de manifiesto la importancia de la colaboraci\u00f3n, destac\u00e1ndolo como uno de los pilares para avanzar en la innovaci\u00f3n. Y concretamente relacionado con los espacios de datos, ya que la esencia misma de estos espacios que se abordaban en la sesi\u00f3n es la generaci\u00f3n de un espacio de confianza para la compartici\u00f3n de datos.<\/p>\n<p>A lo largo de la sesi\u00f3n, los ponentes explicaron qu\u00e9 son exactamente los espacios de datos. As\u00ed de la mano de GAIA-X Espa\u00f1a, su presidente,\u00a0<strong>Daniel S\u00e1ez Domingo<\/strong>, mencion\u00f3 que un espacio de datos es un ecosistema donde diversos actores comparten datos de manera voluntaria y segura, siguiendo mecanismos comunes de gobernanza, organizativos, normativos y t\u00e9cnicos.<\/p>\n<p>Por parte de la Universidad de M\u00e1laga, el catedr\u00e1tico del ITIS,\u00a0<strong>Jos\u00e9 F. Aldana Montes<\/strong>, mostr\u00f3 c\u00f3mo los espacios de datos federados europeos son claves para impulsar la econom\u00eda del dato. Y expuso la importancia de estos espacios tambi\u00e9n en el sector agroalimentario, haciendo referencia al Espacio Europeo Com\u00fan de Datos Agr\u00edcolas como parte clave de la Estrategia Europea de Datos.<\/p>\n<p>Desde AINIA, su Jefe de Desarrollo Estrat\u00e9gico de Negocio y Alianzas,\u00a0<strong>David Mart\u00ednez Simarro<\/strong>, expuso su visi\u00f3n sobre la conexi\u00f3n entre los espacios de datos y el \u00e1mbito de la alimentaci\u00f3n, abordando casos como su Plataforma digital de Alimentaci\u00f3n Personalizada.<\/p>\n<p>La sesi\u00f3n finaliz\u00f3 con el caso pr\u00e1ctico de aplicaci\u00f3n concreta relativa a datos, modelos y servicios en la cadena de valor de los c\u00edtricos en Andaluc\u00eda, que\u00a0<strong>Jos\u00e9 Emilio Guerrero Ginel<\/strong>, Catedr\u00e1tico de la ETSIAM de la Universidad de C\u00f3rdoba, explic\u00f3 con detalle, sobre c\u00f3mo poder aterrizar los aspectos conceptuales iniciales en el territorio.<\/p>\n<p>&nbsp;<\/p>\n<p><strong>Apuesta de Andaluc\u00eda Agrotech DIH por un centro demostrador de datos del sector agroalimentario en Andaluc\u00eda.<\/strong><\/p>\n<p>Destacar que la Consejer\u00eda de Agricultura, a trav\u00e9s de Andaluc\u00eda Agrotech DIH, est\u00e1 apostando por la creaci\u00f3n de un centro demostrador en el sector agroalimentario, que pueda contar con la madurez suficiente para poner a disposici\u00f3n de empresas y organismos una serie de capacidades tecnol\u00f3gicas para la experimentaci\u00f3n en espacios de datos en el \u00e1mbito agroalimentario.<\/p>\n<p>Esta l\u00ednea es muy importante para disponer de un espacio seguro donde fomentar la compartici\u00f3n de datos en nuestro sector, potenciando la confianza entre las distintas partes. Al mismo tiempo, crea un entorno que multiplica las oportunidades de generar nuevos servicios, aumentando as\u00ed la competitividad y la innovaci\u00f3n en el sector.<\/p>\n<p>&nbsp;<\/p>\n","protected":false},"excerpt":{"rendered":"<p>M\u00e1s de 90 personas se conectaron a la sesi\u00f3n online sobre Espacios de datos y sus aplicaciones en el sector agroalimentario organizada de forma conjunta por Andaluc\u00eda Agrotech EDIH e INNDIH- Valencia Regi\u00f3n EDIH\u00a0el pasado 18 de julio. El perfil de los asistentes del ecosistema andaluz fue muy variado y la tem\u00e1tica gener\u00f3 un gran [&hellip;]<\/p>\n","protected":false},"author":2,"featured_media":1825,"template":"","taxonomy\/categoria-radar":[35],"_links":{"self":[{"href":"https:\/\/www.andaluciaagrotech.com\/en\/wp-json\/wp\/v2\/post-type\/radar\/1783"}],"collection":[{"href":"https:\/\/www.andaluciaagrotech.com\/en\/wp-json\/wp\/v2\/post-type\/radar"}],"about":[{"href":"https:\/\/www.andaluciaagrotech.com\/en\/wp-json\/wp\/v2\/types\/radar"}],"author":[{"embeddable":true,"href":"https:\/\/www.andaluciaagrotech.com\/en\/wp-json\/wp\/v2\/users\/2"}],"wp:featuredmedia":[{"embeddable":true,"href":"https:\/\/www.andaluciaagrotech.com\/en\/wp-json\/wp\/v2\/media\/1825"}],"wp:attachment":[{"href":"https:\/\/www.andaluciaagrotech.com\/en\/wp-json\/wp\/v2\/media?parent=1783"}],"wp:term":[{"taxonomy":"categoria-radar","embeddable":true,"href":"https:\/\/www.andaluciaagrotech.com\/en\/wp-json\/wp\/v2\/taxonomy\/categoria-radar?post=1783"}],"curies":[{"name":"wp","href":"https:\/\/api.w.org\/{rel}","templated":true}]}}