{"id":2532,"date":"2025-04-22T10:33:06","date_gmt":"2025-04-22T08:33:06","guid":{"rendered":"https:\/\/www.andaluciaagrotech.com\/?post_type=agenda&#038;p=2532"},"modified":"2025-04-22T10:33:06","modified_gmt":"2025-04-22T08:33:06","slug":"ai-summit-2025-aceleracion-ia-estrategia-y-competitividad","status":"publish","type":"agenda","link":"https:\/\/www.andaluciaagrotech.com\/en\/agenda\/ai-summit-2025-aceleracion-ia-estrategia-y-competitividad\/","title":{"rendered":"AI Summit 2025 | Aceleraci\u00f3n IA, Estrategia y Competitividad"},"content":{"rendered":"<p>El AMETIC Artificial Intelligence Summit 2025 (AIAM Summit 2025) representa la consolidaci\u00f3n de un foro anual de referencia para el sector de la IA en Espa\u00f1a, que ha cosechado un notable \u00e9xito en las ocho ediciones anteriores. Se celebrar\u00e1 los d\u00edas 24 y 25 de abril en Madrid, y ser\u00e1 un espacio privilegiado para el an\u00e1lisis estrat\u00e9gico y la reflexi\u00f3n sobre el papel de la IA como motor de innovaci\u00f3n y competitividad. Un foro dise\u00f1ado para compartir experiencias, identificar oportunidades y acelerar el progreso tecnol\u00f3gico en el \u00e1mbito europeo, alineado con las normativas m\u00e1s recientes.<\/p>\n","protected":false},"excerpt":{"rendered":"<p>El AMETIC Artificial Intelligence Summit 2025 (AIAM Summit 2025) representa la consolidaci\u00f3n de un foro anual de referencia para el sector de la IA en Espa\u00f1a, que ha cosechado un notable \u00e9xito en las ocho ediciones anteriores. Se celebrar\u00e1 los d\u00edas 24 y 25 de abril en Madrid, y ser\u00e1 un espacio privilegiado para el [&hellip;]<\/p>\n","protected":false},"author":11,"featured_media":0,"template":"","_links":{"self":[{"href":"https:\/\/www.andaluciaagrotech.com\/en\/wp-json\/wp\/v2\/post-type\/agenda\/2532"}],"collection":[{"href":"https:\/\/www.andaluciaagrotech.com\/en\/wp-json\/wp\/v2\/post-type\/agenda"}],"about":[{"href":"https:\/\/www.andaluciaagrotech.com\/en\/wp-json\/wp\/v2\/types\/agenda"}],"author":[{"embeddable":true,"href":"https:\/\/www.andaluciaagrotech.com\/en\/wp-json\/wp\/v2\/users\/11"}],"wp:attachment":[{"href":"https:\/\/www.andaluciaagrotech.com\/en\/wp-json\/wp\/v2\/media?parent=2532"}],"curies":[{"name":"wp","href":"https:\/\/api.w.org\/{rel}","templated":true}]}}